{"id":2691,"date":"2022-10-31T09:22:34","date_gmt":"2022-10-31T08:22:34","guid":{"rendered":"https:\/\/www.lesterrassesdedordogne.com\/tourisme-perigord\/"},"modified":"2022-12-07T11:22:11","modified_gmt":"2022-12-07T10:22:11","slug":"toerisme-perigord","status":"publish","type":"page","link":"https:\/\/www.lesterrassesdedordogne.com\/nl\/toerisme-perigord\/","title":{"rendered":"Perigord en zijn dorpen"},"content":{"rendered":"<section id=\"ls-section-block_534a5b5a892ebeabfd9ff91dfda48114\" class=\"ls-section  has-m-b m-b-0\" >\r\n        <div class=\"container \">\r\n        \n\n<h1 class=\"ls__heading has-text-align-center has-p-b p-b-8 petite-feuille animated fadeInUp delay-200ms slow wp-block-heading\">Uw unieke verblijf in de P\u00e9rigord<\/h1>\n\n\r\n    <\/div>\r\n<\/section>\n\n<section id=\"ls-section-block_58bc08c1089b8e7b7c06000867cc8791\" class=\"ls-section  page-intro has-p-t p-t-0 has-p-b p-b-14\" >\r\n        <div class=\"container container--wide\">\r\n        \n\n<div class=\"wp-block-columns columns-parent is-layout-flex wp-container-core-columns-is-layout-9d6595d7 wp-block-columns-is-layout-flex\">\n<div class=\"wp-block-column left is-layout-flow wp-block-column-is-layout-flow\">\n<h2 class=\"ls-heading wp-block-heading\">Ontdek Sarlat<\/h2>\n\n\n\n<p class=\"ls-paragraph\"><a href=\"https:\/\/www.sarlat-tourisme.com\/\">Sarlat<\/a>, de middeleeuwse stad gelegen tussen de valleien van de Dordogne en de V\u00e9z\u00e8re. Bezoek de kerk Sainte Marie en de panoramische lift die een uitzicht van 360\u00b0 op de stad biedt. Vele restaurants en evenementen maken deze stad het hele jaar door zeer levendig.<\/p>\n\n\n\n<figure class=\"wp-block-image size-full animated slideInLeft delay-200ms slow\"><a href=\"https:\/\/www.lesterrassesdedordogne.com\/wp-content\/uploads\/2022\/11\/sarlat.jpg\"><img decoding=\"async\" width=\"720\" height=\"480\" src=\"https:\/\/www.lesterrassesdedordogne.com\/wp-content\/uploads\/2022\/11\/sarlat.jpg\" alt=\"sarlat\" class=\"wp-image-1950\" srcset=\"https:\/\/www.lesterrassesdedordogne.com\/wp-content\/uploads\/2022\/11\/sarlat.jpg 720w, https:\/\/www.lesterrassesdedordogne.com\/wp-content\/uploads\/2022\/11\/sarlat-300x200.jpg 300w\" sizes=\"(max-width: 720px) 100vw, 720px\" \/><\/a><\/figure>\n<\/div>\n\n\n\n<div class=\"wp-block-column right is-layout-flow wp-block-column-is-layout-flow\">\n<figure class=\"wp-block-image size-full animated slideInRight delay-200ms slow\"><a href=\"https:\/\/www.lesterrassesdedordogne.com\/wp-content\/uploads\/2022\/11\/perigueux.jpg\"><img decoding=\"async\" width=\"720\" height=\"480\" src=\"https:\/\/www.lesterrassesdedordogne.com\/wp-content\/uploads\/2022\/11\/perigueux.jpg\" alt=\"p\u00e9rigueux\" class=\"wp-image-1944\" srcset=\"https:\/\/www.lesterrassesdedordogne.com\/wp-content\/uploads\/2022\/11\/perigueux.jpg 720w, https:\/\/www.lesterrassesdedordogne.com\/wp-content\/uploads\/2022\/11\/perigueux-300x200.jpg 300w\" sizes=\"(max-width: 720px) 100vw, 720px\" \/><\/a><\/figure>\n\n\n\n<h2 class=\"ls-heading wp-block-heading\">Bezoek P\u00e9rigueux<\/h2>\n\n\n\n<p class=\"ls-paragraph\"><a href=\"https:\/\/perigueux.fr\/\">P\u00e9rigueux<\/a> is de hoofdstad van de P\u00e9rigord, met zijn 44 beschermde of geclassificeerde historische gebouwen en zijn vele festivals. Van het Gallo-Romeinse tijdperk tot de Renaissance ontdekt u 2000 jaar geschiedenis. Talrijke festivals zorgen voor een drukke evenementenkalender.<\/p>\n<\/div>\n<\/div>\n\n\r\n    <\/div>\r\n<\/section>\n\n<section id=\"ls-section-block_b76740456749fcf6a0cb41f8102a1b00\" class=\"ls-section  page-parallax has-background-image has-parallax has-background has-color-1-background-color has-p-t p-t-14 has-p-b p-b-14\" >\r\n    <div class=\"ls-section__background-image opacity-30\"><img decoding=\"async\" src=\"https:\/\/www.lesterrassesdedordogne.com\/wp-content\/uploads\/2022\/11\/bergerac.jpg\" alt=\"bergerac\"><\/div>    <div class=\"container \">\r\n        \n\n<h2 class=\"ls__heading has-text-align-center has-color-white-color has-text-color wp-block-heading\">Uw verblijf in de buurt van Bergerac<\/h2>\n\n\n\n<p class=\"ls-paragraph has-text-align-center has-color-white-color has-text-color\"><a href=\"https:\/\/www.bergerac.fr\/\">Bergerac<\/a>, gelegen in het westen van het departement, grenst aan de Dordogne en is omgeven door wijngaarden. Zijn geschiedenis is rechtstreeks verbonden met deze twee elementen met de wijnhandel en het riviertransport dankzij de beroemde schuiten. De stad herbergt vele musea en is sinds 1985 bestempeld als Stad van Kunst en Geschiedenis.<\/p>\n\n\r\n    <\/div>\r\n<\/section>\n\n<section id=\"ls-section-block_e7c3b17f150cbafbb35da23226bd934e\" class=\"ls-section  page-one has-p-t p-t-14 has-p-b p-b-14\" >\r\n        <div class=\"container container--wide\">\r\n        \n\n<div class=\"wp-block-columns is-layout-flex wp-container-core-columns-is-layout-9d6595d7 wp-block-columns-is-layout-flex\">\n<div class=\"wp-block-column first is-layout-flow wp-block-column-is-layout-flow\">\n<h2 class=\"ls-heading wp-block-heading\">Toerisme in Les Eyzies<\/h2>\n\n\n\n<p class=\"ls-paragraph\">Het dorp Les <a href=\"https:\/\/www.leseyzies.fr\/\">Eyzies<\/a>, genesteld op een klif aan de oevers van de V\u00e9z\u00e8re, is de hoofdstad van de prehistorie. Het biedt een ruime keuze aan grotten en prehistorische plaatsen. De Pole International de la Pr\u00e9histoire ontvangt u voor een ludieke uitleg.<\/p>\n\n\n\n<figure class=\"wp-block-image size-full animated slideInRight delay-200ms slow\"><a href=\"https:\/\/www.lesterrassesdedordogne.com\/wp-content\/uploads\/2022\/11\/eyzies.jpg\"><img decoding=\"async\" width=\"720\" height=\"480\" src=\"https:\/\/www.lesterrassesdedordogne.com\/wp-content\/uploads\/2022\/11\/eyzies.jpg\" alt=\"eyzies\" class=\"wp-image-1938\" srcset=\"https:\/\/www.lesterrassesdedordogne.com\/wp-content\/uploads\/2022\/11\/eyzies.jpg 720w, https:\/\/www.lesterrassesdedordogne.com\/wp-content\/uploads\/2022\/11\/eyzies-300x200.jpg 300w\" sizes=\"(max-width: 720px) 100vw, 720px\" \/><\/a><\/figure>\n<\/div>\n\n\n\n<div class=\"wp-block-column second vagues is-layout-flow wp-block-column-is-layout-flow\">\n<figure class=\"wp-block-image size-full animated slideInLeft delay-200ms slow\"><img decoding=\"async\" width=\"720\" height=\"480\" src=\"https:\/\/www.lesterrassesdedordogne.com\/wp-content\/uploads\/2022\/11\/dommes.jpg\" alt=\"dommes\" class=\"wp-image-1947\" srcset=\"https:\/\/www.lesterrassesdedordogne.com\/wp-content\/uploads\/2022\/11\/dommes.jpg 720w, https:\/\/www.lesterrassesdedordogne.com\/wp-content\/uploads\/2022\/11\/dommes-300x200.jpg 300w\" sizes=\"(max-width: 720px) 100vw, 720px\" \/><\/figure>\n\n\n\n<h2 class=\"ls-heading wp-block-heading\">Toerisme in Domme<\/h2>\n\n\n\n<p class=\"ls-paragraph\"><a href=\"http:\/\/www.domme.fr\/\">Domme<\/a>, bijgenaamd &#8220;de Acropolis van de P\u00e9rigord&#8221;, is een koninklijke bastide die is geklasseerd als een van de mooiste dorpen van Frankrijk. Ontstaan in 1281 op een beschermde klif, op een hoogte van 215 m, kunt u de wallen en de Porte des Tours, waarin de gevangen Tempeliers gravures maakten, nog steeds zichtbaar, waarderen.<\/p>\n<\/div>\n<\/div>\n\n\r\n    <\/div>\r\n<\/section>\n\n<section id=\"ls-section-block_94082943f9d9faadaef5c84d817d35c2\" class=\"ls-section  page-parallax has-background-image has-parallax has-background has-color-1-background-color has-p-t p-t-14 has-p-b p-b-14\" >\r\n    <div class=\"ls-section__background-image opacity-30\"><img decoding=\"async\" src=\"https:\/\/www.lesterrassesdedordogne.com\/wp-content\/uploads\/2022\/11\/saint-leon-sur-vezere.jpg\" alt=\"saint leon sur vezere\"><\/div>    <div class=\"container \">\r\n        \n\n<h2 class=\"ls__heading has-text-align-center has-color-white-color has-text-color wp-block-heading\">Ontdek Saint L\u00e9on sur V\u00e9z\u00e8re tijdens uw vakantie<\/h2>\n\n\n\n<p class=\"ls-paragraph has-text-align-center has-color-white-color has-text-color\"><a href=\"https:\/\/www.slve.fr\/\">Saint-L\u00e9on-sur-V\u00e9z\u00e8re<\/a>, halverwege Sarlat en Les Eyzies, is een charmant dorpje aan de oever van de V\u00e9z\u00e8re, geklasseerd als \u00e9\u00e9n van de Mooiste Dorpen van Frankrijk, op slechts 33 minuten van de camping in de Dordogne. Hier voelt u de authenticiteit van de middeleeuwse dorpen met hun smalle straatjes en kunt u wandelen om te genieten van dit moment buiten de tijd.<\/p>\n\n\r\n    <\/div>\r\n<\/section>\n\n<section id=\"ls-section-block_4ecd01aff98c2fe8c1bb26145a9037fb\" class=\"ls-section  page-maillage has-p-t p-t-14 has-p-b p-b-14\" >\r\n        <div class=\"container container--wide\">\r\n        \n\n<div id=\"ls-heading ls-titre-div-block_6a867f407c20d26f38c32b2056fa89f8\" class=\"ls-titre-div has-p-b p-b-4 aligncenter h2-like\" >\n    Ontdek de tuinen en <\/br>activiteiten in de buurt van onze camping<\/div>\n\n\n<div id=\"ls-maillage-block_6d7689a66c15f70893e168e969b32de4\" class=\"ls-maillage cta-style-normal\" data-rows=\"3\">\r\n    <div class=\"wp-block-columns\"><div class=\"wp-block-column\">\n\n<a href=\"https:\/\/www.lesterrassesdedordogne.com\/nl\/recreatieparken-dordogne\/\" target=\"\" rel=\"noopener\" class=\"ls-cta__link\" data-categ=\"\">\n\t<div class=\"ls-cta__image\"><img decoding=\"async\" src=\"https:\/\/www.lesterrassesdedordogne.com\/wp-content\/uploads\/2022\/11\/parc-attraction.jpg\" alt=\"parc attraction\"><\/div>\n\t<div class=\"ls-cta__title\">\n\t\tThema- en vrijetijdsparken\t<\/div>\n\n\t<\/a><\/div><div class=\"wp-block-column\">\n\n<a href=\"https:\/\/www.lesterrassesdedordogne.com\/nl\/toeristisch-park-tuinen-dordogne\/\" target=\"\" rel=\"noopener\" class=\"ls-cta__link\" data-categ=\"\">\n\t<div class=\"ls-cta__image\"><img decoding=\"async\" src=\"https:\/\/www.lesterrassesdedordogne.com\/wp-content\/uploads\/2022\/11\/jardin-deyrignac.jpg\" alt=\"jardin eyrignac\"><\/div>\n\t<div class=\"ls-cta__title\">\n\t\tParken en tuinen\t<\/div>\n\n\t<\/a><\/div><div class=\"wp-block-column\">\n\n<a href=\"https:\/\/www.lesterrassesdedordogne.com\/nl\/sport-activiteiten-dordogne\/\" target=\"\" rel=\"noopener\" class=\"ls-cta__link\" data-categ=\"\">\n\t<div class=\"ls-cta__image\"><img decoding=\"async\" src=\"https:\/\/www.lesterrassesdedordogne.com\/wp-content\/uploads\/2022\/11\/vtt-dordogne.jpg\" alt=\"vtt dordogne\"><\/div>\n\t<div class=\"ls-cta__title\">\n\t\tSport en natuur\t<\/div>\n\n\t<\/a><\/div><\/div><\/div>\n\r\n    <\/div>\r\n<\/section>","protected":false},"excerpt":{"rendered":"","protected":false},"author":1,"featured_media":1957,"parent":0,"menu_order":0,"comment_status":"closed","ping_status":"closed","template":"","meta":{"_acf_changed":false,"footnotes":""},"sujet":[],"class_list":["post-2691","page","type-page","status-publish","has-post-thumbnail","hentry"],"acf":[],"yoast_head":"<!-- This site is optimized with the Yoast SEO plugin v25.3 - https:\/\/yoast.com\/wordpress\/plugins\/seo\/ -->\n<title>Bezoek de dorpen van de P\u00e9rigord | Toerisme in de Dordogne (24)<\/title>\n<meta name=\"robots\" content=\"index, follow, max-snippet:-1, max-image-preview:large, max-video-preview:-1\" \/>\n<link rel=\"canonical\" href=\"https:\/\/www.lesterrassesdedordogne.com\/nl\/toerisme-perigord\/\" \/>\n<meta property=\"og:locale\" content=\"nl_NL\" \/>\n<meta property=\"og:type\" content=\"article\" \/>\n<meta property=\"og:title\" content=\"Bezoek de dorpen van de P\u00e9rigord | Toerisme in de Dordogne (24)\" \/>\n<meta property=\"og:url\" content=\"https:\/\/www.lesterrassesdedordogne.com\/nl\/toerisme-perigord\/\" \/>\n<meta property=\"og:site_name\" content=\"Les Terrasses de Dordogne\" \/>\n<meta property=\"article:modified_time\" content=\"2022-12-07T10:22:11+00:00\" \/>\n<meta property=\"og:image\" content=\"https:\/\/www.lesterrassesdedordogne.com\/wp-content\/uploads\/2022\/11\/perigord.jpg\" \/>\n\t<meta property=\"og:image:width\" content=\"1920\" \/>\n\t<meta property=\"og:image:height\" content=\"1080\" \/>\n\t<meta property=\"og:image:type\" content=\"image\/jpeg\" \/>\n<meta name=\"twitter:card\" content=\"summary_large_image\" \/>\n<meta name=\"twitter:label1\" content=\"Geschatte leestijd\" \/>\n\t<meta name=\"twitter:data1\" content=\"3 minuten\" \/>\n<script type=\"application\/ld+json\" class=\"yoast-schema-graph\">{\"@context\":\"https:\/\/schema.org\",\"@graph\":[{\"@type\":\"WebPage\",\"@id\":\"https:\/\/www.lesterrassesdedordogne.com\/nl\/toerisme-perigord\/\",\"url\":\"https:\/\/www.lesterrassesdedordogne.com\/nl\/toerisme-perigord\/\",\"name\":\"Bezoek de dorpen van de P\u00e9rigord | Toerisme in de Dordogne (24)\",\"isPartOf\":{\"@id\":\"https:\/\/www.lesterrassesdedordogne.com\/nl\/#website\"},\"primaryImageOfPage\":{\"@id\":\"https:\/\/www.lesterrassesdedordogne.com\/nl\/toerisme-perigord\/#primaryimage\"},\"image\":{\"@id\":\"https:\/\/www.lesterrassesdedordogne.com\/nl\/toerisme-perigord\/#primaryimage\"},\"thumbnailUrl\":\"https:\/\/www.lesterrassesdedordogne.com\/wp-content\/uploads\/2022\/11\/perigord.jpg\",\"datePublished\":\"2022-10-31T08:22:34+00:00\",\"dateModified\":\"2022-12-07T10:22:11+00:00\",\"breadcrumb\":{\"@id\":\"https:\/\/www.lesterrassesdedordogne.com\/nl\/toerisme-perigord\/#breadcrumb\"},\"inLanguage\":\"nl-NL\",\"potentialAction\":[{\"@type\":\"ReadAction\",\"target\":[\"https:\/\/www.lesterrassesdedordogne.com\/nl\/toerisme-perigord\/\"]}]},{\"@type\":\"ImageObject\",\"inLanguage\":\"nl-NL\",\"@id\":\"https:\/\/www.lesterrassesdedordogne.com\/nl\/toerisme-perigord\/#primaryimage\",\"url\":\"https:\/\/www.lesterrassesdedordogne.com\/wp-content\/uploads\/2022\/11\/perigord.jpg\",\"contentUrl\":\"https:\/\/www.lesterrassesdedordogne.com\/wp-content\/uploads\/2022\/11\/perigord.jpg\",\"width\":1920,\"height\":1080,\"caption\":\"p\u00e9rigord\"},{\"@type\":\"BreadcrumbList\",\"@id\":\"https:\/\/www.lesterrassesdedordogne.com\/nl\/toerisme-perigord\/#breadcrumb\",\"itemListElement\":[{\"@type\":\"ListItem\",\"position\":1,\"name\":\"Les Terrasses de Dordogne\",\"item\":\"https:\/\/www.lesterrassesdedordogne.com\/nl\/\"},{\"@type\":\"ListItem\",\"position\":2,\"name\":\"Toerisme in de Dordogne\"}]},{\"@type\":\"WebSite\",\"@id\":\"https:\/\/www.lesterrassesdedordogne.com\/nl\/#website\",\"url\":\"https:\/\/www.lesterrassesdedordogne.com\/nl\/\",\"name\":\"Les Terrasses de Dordogne\",\"description\":\"\",\"publisher\":{\"@id\":\"https:\/\/www.lesterrassesdedordogne.com\/nl\/#organization\"},\"potentialAction\":[{\"@type\":\"SearchAction\",\"target\":{\"@type\":\"EntryPoint\",\"urlTemplate\":\"https:\/\/www.lesterrassesdedordogne.com\/nl\/?s={search_term_string}\"},\"query-input\":{\"@type\":\"PropertyValueSpecification\",\"valueRequired\":true,\"valueName\":\"search_term_string\"}}],\"inLanguage\":\"nl-NL\"},{\"@type\":\"Organization\",\"@id\":\"https:\/\/www.lesterrassesdedordogne.com\/nl\/#organization\",\"name\":\"Les Terrasses de Dordogne\",\"url\":\"https:\/\/www.lesterrassesdedordogne.com\/nl\/\",\"logo\":{\"@type\":\"ImageObject\",\"inLanguage\":\"nl-NL\",\"@id\":\"https:\/\/www.lesterrassesdedordogne.com\/nl\/#\/schema\/logo\/image\/\",\"url\":\"https:\/\/www.lesterrassesdedordogne.com\/wp-content\/uploads\/2022\/11\/favicon-2.png\",\"contentUrl\":\"https:\/\/www.lesterrassesdedordogne.com\/wp-content\/uploads\/2022\/11\/favicon-2.png\",\"width\":195,\"height\":195,\"caption\":\"Les Terrasses de Dordogne\"},\"image\":{\"@id\":\"https:\/\/www.lesterrassesdedordogne.com\/nl\/#\/schema\/logo\/image\/\"}}]}<\/script>\n<!-- \/ Yoast SEO plugin. -->","yoast_head_json":{"title":"Bezoek de dorpen van de P\u00e9rigord | Toerisme in de Dordogne (24)","robots":{"index":"index","follow":"follow","max-snippet":"max-snippet:-1","max-image-preview":"max-image-preview:large","max-video-preview":"max-video-preview:-1"},"canonical":"https:\/\/www.lesterrassesdedordogne.com\/nl\/toerisme-perigord\/","og_locale":"nl_NL","og_type":"article","og_title":"Bezoek de dorpen van de P\u00e9rigord | Toerisme in de Dordogne (24)","og_url":"https:\/\/www.lesterrassesdedordogne.com\/nl\/toerisme-perigord\/","og_site_name":"Les Terrasses de Dordogne","article_modified_time":"2022-12-07T10:22:11+00:00","og_image":[{"width":1920,"height":1080,"url":"https:\/\/www.lesterrassesdedordogne.com\/wp-content\/uploads\/2022\/11\/perigord.jpg","type":"image\/jpeg"}],"twitter_card":"summary_large_image","twitter_misc":{"Geschatte leestijd":"3 minuten"},"schema":{"@context":"https:\/\/schema.org","@graph":[{"@type":"WebPage","@id":"https:\/\/www.lesterrassesdedordogne.com\/nl\/toerisme-perigord\/","url":"https:\/\/www.lesterrassesdedordogne.com\/nl\/toerisme-perigord\/","name":"Bezoek de dorpen van de P\u00e9rigord | Toerisme in de Dordogne (24)","isPartOf":{"@id":"https:\/\/www.lesterrassesdedordogne.com\/nl\/#website"},"primaryImageOfPage":{"@id":"https:\/\/www.lesterrassesdedordogne.com\/nl\/toerisme-perigord\/#primaryimage"},"image":{"@id":"https:\/\/www.lesterrassesdedordogne.com\/nl\/toerisme-perigord\/#primaryimage"},"thumbnailUrl":"https:\/\/www.lesterrassesdedordogne.com\/wp-content\/uploads\/2022\/11\/perigord.jpg","datePublished":"2022-10-31T08:22:34+00:00","dateModified":"2022-12-07T10:22:11+00:00","breadcrumb":{"@id":"https:\/\/www.lesterrassesdedordogne.com\/nl\/toerisme-perigord\/#breadcrumb"},"inLanguage":"nl-NL","potentialAction":[{"@type":"ReadAction","target":["https:\/\/www.lesterrassesdedordogne.com\/nl\/toerisme-perigord\/"]}]},{"@type":"ImageObject","inLanguage":"nl-NL","@id":"https:\/\/www.lesterrassesdedordogne.com\/nl\/toerisme-perigord\/#primaryimage","url":"https:\/\/www.lesterrassesdedordogne.com\/wp-content\/uploads\/2022\/11\/perigord.jpg","contentUrl":"https:\/\/www.lesterrassesdedordogne.com\/wp-content\/uploads\/2022\/11\/perigord.jpg","width":1920,"height":1080,"caption":"p\u00e9rigord"},{"@type":"BreadcrumbList","@id":"https:\/\/www.lesterrassesdedordogne.com\/nl\/toerisme-perigord\/#breadcrumb","itemListElement":[{"@type":"ListItem","position":1,"name":"Les Terrasses de Dordogne","item":"https:\/\/www.lesterrassesdedordogne.com\/nl\/"},{"@type":"ListItem","position":2,"name":"Toerisme in de Dordogne"}]},{"@type":"WebSite","@id":"https:\/\/www.lesterrassesdedordogne.com\/nl\/#website","url":"https:\/\/www.lesterrassesdedordogne.com\/nl\/","name":"Les Terrasses de Dordogne","description":"","publisher":{"@id":"https:\/\/www.lesterrassesdedordogne.com\/nl\/#organization"},"potentialAction":[{"@type":"SearchAction","target":{"@type":"EntryPoint","urlTemplate":"https:\/\/www.lesterrassesdedordogne.com\/nl\/?s={search_term_string}"},"query-input":{"@type":"PropertyValueSpecification","valueRequired":true,"valueName":"search_term_string"}}],"inLanguage":"nl-NL"},{"@type":"Organization","@id":"https:\/\/www.lesterrassesdedordogne.com\/nl\/#organization","name":"Les Terrasses de Dordogne","url":"https:\/\/www.lesterrassesdedordogne.com\/nl\/","logo":{"@type":"ImageObject","inLanguage":"nl-NL","@id":"https:\/\/www.lesterrassesdedordogne.com\/nl\/#\/schema\/logo\/image\/","url":"https:\/\/www.lesterrassesdedordogne.com\/wp-content\/uploads\/2022\/11\/favicon-2.png","contentUrl":"https:\/\/www.lesterrassesdedordogne.com\/wp-content\/uploads\/2022\/11\/favicon-2.png","width":195,"height":195,"caption":"Les Terrasses de Dordogne"},"image":{"@id":"https:\/\/www.lesterrassesdedordogne.com\/nl\/#\/schema\/logo\/image\/"}}]}},"_links":{"self":[{"href":"https:\/\/www.lesterrassesdedordogne.com\/nl\/wp-json\/wp\/v2\/pages\/2691","targetHints":{"allow":["GET"]}}],"collection":[{"href":"https:\/\/www.lesterrassesdedordogne.com\/nl\/wp-json\/wp\/v2\/pages"}],"about":[{"href":"https:\/\/www.lesterrassesdedordogne.com\/nl\/wp-json\/wp\/v2\/types\/page"}],"author":[{"embeddable":true,"href":"https:\/\/www.lesterrassesdedordogne.com\/nl\/wp-json\/wp\/v2\/users\/1"}],"replies":[{"embeddable":true,"href":"https:\/\/www.lesterrassesdedordogne.com\/nl\/wp-json\/wp\/v2\/comments?post=2691"}],"version-history":[{"count":4,"href":"https:\/\/www.lesterrassesdedordogne.com\/nl\/wp-json\/wp\/v2\/pages\/2691\/revisions"}],"predecessor-version":[{"id":3318,"href":"https:\/\/www.lesterrassesdedordogne.com\/nl\/wp-json\/wp\/v2\/pages\/2691\/revisions\/3318"}],"wp:featuredmedia":[{"embeddable":true,"href":"https:\/\/www.lesterrassesdedordogne.com\/nl\/wp-json\/wp\/v2\/media\/1957"}],"wp:attachment":[{"href":"https:\/\/www.lesterrassesdedordogne.com\/nl\/wp-json\/wp\/v2\/media?parent=2691"}],"wp:term":[{"taxonomy":"sujet","embeddable":true,"href":"https:\/\/www.lesterrassesdedordogne.com\/nl\/wp-json\/wp\/v2\/sujet?post=2691"}],"curies":[{"name":"wp","href":"https:\/\/api.w.org\/{rel}","templated":true}]}}